{"id":92315,"date":"2024-04-30T08:39:03","date_gmt":"2024-04-30T08:39:03","guid":{"rendered":"https:\/\/everestlanguageschool.com\/curso-de-ingles-erasmus-em-dublin\/"},"modified":"2025-09-17T14:51:02","modified_gmt":"2025-09-17T14:51:02","slug":"curso-de-ingles-erasmus-em-dublin","status":"publish","type":"page","link":"https:\/\/everestlanguageschool.com\/pt-br\/curso-de-ingles-erasmus-em-dublin\/","title":{"rendered":"Curso de ingl\u00eas Erasmus+ em Dublin"},"content":{"rendered":"\t\t<div data-elementor-type=\"wp-page\" data-elementor-id=\"92315\" class=\"elementor elementor-92315 elementor-88331\" data-elementor-post-type=\"page\">\n\t\t\t\t\t\t<section class=\"elementor-section elementor-top-section elementor-element elementor-element-2f05e46e elementor-section-height-min-height elementor-section-content-middle elementor-section-boxed elementor-section-height-default elementor-section-items-middle\" data-id=\"2f05e46e\" data-element_type=\"section\" data-e-type=\"section\" data-settings=\"{&quot;background_background&quot;:&quot;classic&quot;,&quot;background_motion_fx_motion_fx_scrolling&quot;:&quot;yes&quot;,&quot;background_motion_fx_translateY_effect&quot;:&quot;yes&quot;,&quot;background_motion_fx_translateY_speed&quot;:{&quot;unit&quot;:&quot;px&quot;,&quot;size&quot;:2,&quot;sizes&quot;:[]},&quot;motion_fx_motion_fx_scrolling&quot;:&quot;yes&quot;,&quot;background_motion_fx_translateY_affectedRange&quot;:{&quot;unit&quot;:&quot;%&quot;,&quot;size&quot;:&quot;&quot;,&quot;sizes&quot;:{&quot;start&quot;:0,&quot;end&quot;:100}},&quot;background_motion_fx_devices&quot;:[&quot;desktop&quot;,&quot;tablet&quot;,&quot;mobile&quot;],&quot;motion_fx_devices&quot;:[&quot;desktop&quot;,&quot;tablet&quot;,&quot;mobile&quot;]}\">\n\t\t\t\t\t\t\t<div class=\"elementor-background-overlay\"><\/div>\n\t\t\t\t\t\t\t<div class=\"elementor-container elementor-column-gap-default\">\n\t\t\t\t\t<div class=\"elementor-column elementor-col-100 elementor-top-column elementor-element elementor-element-4e259a38\" data-id=\"4e259a38\" data-element_type=\"column\" data-e-type=\"column\" data-settings=\"{&quot;background_background&quot;:&quot;classic&quot;}\">\n\t\t\t<div class=\"elementor-widget-wrap elementor-element-populated\">\n\t\t\t\t\t\t<section class=\"elementor-section elementor-inner-section elementor-element elementor-element-6a9c9151 elementor-section-full_width elementor-section-height-default elementor-section-height-default\" data-id=\"6a9c9151\" data-element_type=\"section\" data-e-type=\"section\">\n\t\t\t\t\t\t<div class=\"elementor-container elementor-column-gap-default\">\n\t\t\t\t\t<div class=\"elementor-column elementor-col-50 elementor-inner-column elementor-element elementor-element-695aa683\" data-id=\"695aa683\" data-element_type=\"column\" data-e-type=\"column\">\n\t\t\t<div class=\"elementor-widget-wrap elementor-element-populated\">\n\t\t\t\t\t\t<div class=\"elementor-element elementor-element-5dd196a8 elementor-widget elementor-widget-heading\" data-id=\"5dd196a8\" data-element_type=\"widget\" data-e-type=\"widget\" data-widget_type=\"heading.default\">\n\t\t\t\t<div class=\"elementor-widget-container\">\n\t\t\t\t\t<h2 class=\"elementor-heading-title elementor-size-large\">Curso de ingl\u00eas Erasmus+ em Dublin<\/h2>\t\t\t\t<\/div>\n\t\t\t\t<\/div>\n\t\t\t\t<div class=\"elementor-element elementor-element-2eb1e493 elementor-widget elementor-widget-text-editor\" data-id=\"2eb1e493\" data-element_type=\"widget\" data-e-type=\"widget\" data-widget_type=\"text-editor.default\">\n\t\t\t\t<div class=\"elementor-widget-container\">\n\t\t\t\t\t\t\t\t\t<p>Os cursos Erasmus+ do Everest em Dublin destinam-se a alunos que desejam melhorar de forma abrangente seu n\u00edvel geral de ingl\u00eas. Eles abrangem todas as facetas do idioma, incluindo leitura, escrita, audi\u00e7\u00e3o e fala, com \u00eanfase especial nas habilidades de comunica\u00e7\u00e3o oral. Durante as aulas, voc\u00ea ser\u00e1 colocado em situa\u00e7\u00f5es da vida real, como entrevistas de emprego, cen\u00e1rios de trabalho ou conversas. Isso d\u00e1 aos alunos a oportunidade de mergulhar no idioma e desenvolver as habilidades pr\u00e1ticas necess\u00e1rias para usar o ingl\u00eas no mundo todo.   <\/p>\t\t\t\t\t\t\t\t<\/div>\n\t\t\t\t<\/div>\n\t\t\t\t\t<\/div>\n\t\t<\/div>\n\t\t\t\t<div class=\"elementor-column elementor-col-50 elementor-inner-column elementor-element elementor-element-1415c66a\" data-id=\"1415c66a\" data-element_type=\"column\" data-e-type=\"column\">\n\t\t\t<div class=\"elementor-widget-wrap elementor-element-populated\">\n\t\t\t\t\t\t<div class=\"elementor-element elementor-element-6fd3d34a elementor-widget elementor-widget-image\" data-id=\"6fd3d34a\" data-element_type=\"widget\" data-e-type=\"widget\" data-widget_type=\"image.default\">\n\t\t\t\t<div class=\"elementor-widget-container\">\n\t\t\t\t\t\t\t\t\t\t\t\t\t\t\t<img fetchpriority=\"high\" decoding=\"async\" width=\"2560\" height=\"1709\" src=\"https:\/\/everestlanguageschool.com\/wp-content\/uploads\/2022\/11\/Everest-summer-2022-45-scaled.jpg\" class=\"attachment-full size-full wp-image-92318\" alt=\"\" srcset=\"https:\/\/everestlanguageschool.com\/wp-content\/uploads\/2022\/11\/Everest-summer-2022-45-scaled.jpg 2560w, https:\/\/everestlanguageschool.com\/wp-content\/uploads\/2022\/11\/Everest-summer-2022-45-300x200.jpg 300w, https:\/\/everestlanguageschool.com\/wp-content\/uploads\/2022\/11\/Everest-summer-2022-45-1024x684.jpg 1024w, https:\/\/everestlanguageschool.com\/wp-content\/uploads\/2022\/11\/Everest-summer-2022-45-768x513.jpg 768w, https:\/\/everestlanguageschool.com\/wp-content\/uploads\/2022\/11\/Everest-summer-2022-45-1536x1025.jpg 1536w, https:\/\/everestlanguageschool.com\/wp-content\/uploads\/2022\/11\/Everest-summer-2022-45-2048x1367.jpg 2048w\" sizes=\"(max-width: 2560px) 100vw, 2560px\" \/>\t\t\t\t\t\t\t\t\t\t\t\t\t\t\t<\/div>\n\t\t\t\t<\/div>\n\t\t\t\t<div class=\"elementor-element elementor-element-5f3c8f8 elementor-widget elementor-widget-image\" data-id=\"5f3c8f8\" data-element_type=\"widget\" data-e-type=\"widget\" data-widget_type=\"image.default\">\n\t\t\t\t<div class=\"elementor-widget-container\">\n\t\t\t\t\t\t\t\t\t\t\t\t\t\t\t<img decoding=\"async\" width=\"300\" height=\"86\" data-src=\"https:\/\/everestlanguageschool.com\/wp-content\/uploads\/2024\/04\/Erasmus-plus-Dublin-Ireland-Logo-300x86.png\" class=\"attachment-medium size-medium wp-image-92316 lazyload\" alt=\"\" data-srcset=\"https:\/\/everestlanguageschool.com\/wp-content\/uploads\/2024\/04\/Erasmus-plus-Dublin-Ireland-Logo-300x86.png 300w, https:\/\/everestlanguageschool.com\/wp-content\/uploads\/2024\/04\/Erasmus-plus-Dublin-Ireland-Logo-1024x294.png 1024w, https:\/\/everestlanguageschool.com\/wp-content\/uploads\/2024\/04\/Erasmus-plus-Dublin-Ireland-Logo-768x220.png 768w, https:\/\/everestlanguageschool.com\/wp-content\/uploads\/2024\/04\/Erasmus-plus-Dublin-Ireland-Logo-1536x440.png 1536w, https:\/\/everestlanguageschool.com\/wp-content\/uploads\/2024\/04\/Erasmus-plus-Dublin-Ireland-Logo-2048x587.png 2048w\" data-sizes=\"(max-width: 300px) 100vw, 300px\" src=\"data:image\/gif;base64,R0lGODlhAQABAAAAACH5BAEKAAEALAAAAAABAAEAAAICTAEAOw==\" style=\"--smush-placeholder-width: 300px; --smush-placeholder-aspect-ratio: 300\/86;\" \/>\t\t\t\t\t\t\t\t\t\t\t\t\t\t\t<\/div>\n\t\t\t\t<\/div>\n\t\t\t\t\t<\/div>\n\t\t<\/div>\n\t\t\t\t\t<\/div>\n\t\t<\/section>\n\t\t\t\t\t<\/div>\n\t\t<\/div>\n\t\t\t\t\t<\/div>\n\t\t<\/section>\n\t\t\t\t<section class=\"elementor-section elementor-top-section elementor-element elementor-element-6cb3e65b elementor-section-boxed elementor-section-height-default elementor-section-height-default\" data-id=\"6cb3e65b\" data-element_type=\"section\" data-e-type=\"section\">\n\t\t\t\t\t\t<div class=\"elementor-container elementor-column-gap-default\">\n\t\t\t\t\t<div class=\"elementor-column elementor-col-100 elementor-top-column elementor-element elementor-element-4cd83a44\" data-id=\"4cd83a44\" data-element_type=\"column\" data-e-type=\"column\">\n\t\t\t<div class=\"elementor-widget-wrap elementor-element-populated\">\n\t\t\t\t\t\t<div class=\"elementor-element elementor-element-3d690157 elementor-widget elementor-widget-spacer\" data-id=\"3d690157\" data-element_type=\"widget\" data-e-type=\"widget\" data-widget_type=\"spacer.default\">\n\t\t\t\t<div class=\"elementor-widget-container\">\n\t\t\t\t\t\t\t<div class=\"elementor-spacer\">\n\t\t\t<div class=\"elementor-spacer-inner\"><\/div>\n\t\t<\/div>\n\t\t\t\t\t\t<\/div>\n\t\t\t\t<\/div>\n\t\t\t\t<div class=\"elementor-element elementor-element-1cbad15b elementor-widget elementor-widget-heading\" data-id=\"1cbad15b\" data-element_type=\"widget\" data-e-type=\"widget\" data-widget_type=\"heading.default\">\n\t\t\t\t<div class=\"elementor-widget-container\">\n\t\t\t\t\t<h2 class=\"elementor-heading-title elementor-size-default\">SOBRE OS CURSOS DE INGL\u00caS ERASMUS+ NO EVEREST<\/h2>\t\t\t\t<\/div>\n\t\t\t\t<\/div>\n\t\t\t\t<div class=\"elementor-element elementor-element-4bfe7f98 elementor-widget elementor-widget-spacer\" data-id=\"4bfe7f98\" data-element_type=\"widget\" data-e-type=\"widget\" data-widget_type=\"spacer.default\">\n\t\t\t\t<div class=\"elementor-widget-container\">\n\t\t\t\t\t\t\t<div class=\"elementor-spacer\">\n\t\t\t<div class=\"elementor-spacer-inner\"><\/div>\n\t\t<\/div>\n\t\t\t\t\t\t<\/div>\n\t\t\t\t<\/div>\n\t\t\t\t\t<\/div>\n\t\t<\/div>\n\t\t\t\t\t<\/div>\n\t\t<\/section>\n\t\t\t\t<section class=\"elementor-section elementor-top-section elementor-element elementor-element-70292a74 elementor-section-height-min-height elementor-reverse-mobile elementor-reverse-tablet elementor-section-items-top elementor-section-boxed elementor-section-height-default\" data-id=\"70292a74\" data-element_type=\"section\" data-e-type=\"section\" data-settings=\"{&quot;background_background&quot;:&quot;classic&quot;}\">\n\t\t\t\t\t\t\t<div class=\"elementor-background-overlay\"><\/div>\n\t\t\t\t\t\t\t<div class=\"elementor-container elementor-column-gap-extended\">\n\t\t\t\t\t<div class=\"elementor-column elementor-col-33 elementor-top-column elementor-element elementor-element-69d7d7ca\" data-id=\"69d7d7ca\" data-element_type=\"column\" data-e-type=\"column\">\n\t\t\t<div class=\"elementor-widget-wrap elementor-element-populated\">\n\t\t\t\t\t\t<div class=\"elementor-element elementor-element-4cc525ef elementor-widget elementor-widget-heading\" data-id=\"4cc525ef\" data-element_type=\"widget\" data-e-type=\"widget\" data-widget_type=\"heading.default\">\n\t\t\t\t<div class=\"elementor-widget-container\">\n\t\t\t\t\t<h3 class=\"elementor-heading-title elementor-size-default\">O que \u00e9 o Erasmus+?\n<\/h3>\t\t\t\t<\/div>\n\t\t\t\t<\/div>\n\t\t\t\t<div class=\"elementor-element elementor-element-c80fe8a elementor-widget elementor-widget-text-editor\" data-id=\"c80fe8a\" data-element_type=\"widget\" data-e-type=\"widget\" data-widget_type=\"text-editor.default\">\n\t\t\t\t<div class=\"elementor-widget-container\">\n\t\t\t\t\t\t\t\t\t<p>O Erasmus+ \u00e9 uma iniciativa emblem\u00e1tica da UE com o objetivo de refor\u00e7ar a educa\u00e7\u00e3o, a juventude, os esportes e os esfor\u00e7os de treinamento para os cidad\u00e3os europeus. Para isso, oferece apoio e financiamento para cursos e programas de interc\u00e2mbio entre institui\u00e7\u00f5es de ensino para pessoas que trabalham nos setores de juventude, esporte e educa\u00e7\u00e3o em toda a Europa.   <\/p><p>Os Programas de Mobilidade Erasmus+ est\u00e3o abertos para ampliar as oportunidades de participa\u00e7\u00e3o em programas de treinamento ou projetos colaborativos no exterior sob os esquemas KA1 ou KA2. Esses projetos de mobilidade ajudam as pessoas a aprimorar suas habilidades profissionais e a desfrutar de experi\u00eancias de estudo internacionais enriquecedoras. Educadores do ensino fundamental, m\u00e9dio e de adultos podem se candidatar para participar desses projetos Erasmus+, desenvolvendo as habilidades necess\u00e1rias para a instru\u00e7\u00e3o pedag\u00f3gica por meio do ingl\u00eas e cursos adaptados ao ensino de ingl\u00eas como segundo idioma. Educadores e pesquisadores de terceiro n\u00edvel tamb\u00e9m podem participar de cursos de ingl\u00eas ou de cursos de desenvolvimento de habilidades acad\u00eamicas e profissionais.     <\/p>\t\t\t\t\t\t\t\t<\/div>\n\t\t\t\t<\/div>\n\t\t\t\t\t<\/div>\n\t\t<\/div>\n\t\t\t\t<div class=\"elementor-column elementor-col-33 elementor-top-column elementor-element elementor-element-5d68a632\" data-id=\"5d68a632\" data-element_type=\"column\" data-e-type=\"column\">\n\t\t\t<div class=\"elementor-widget-wrap elementor-element-populated\">\n\t\t\t\t\t\t<div class=\"elementor-element elementor-element-3a09c39b elementor-widget elementor-widget-image\" data-id=\"3a09c39b\" data-element_type=\"widget\" data-e-type=\"widget\" data-widget_type=\"image.default\">\n\t\t\t\t<div class=\"elementor-widget-container\">\n\t\t\t\t\t\t\t\t\t\t\t\t\t\t\t<img decoding=\"async\" width=\"1024\" height=\"576\" data-src=\"https:\/\/everestlanguageschool.com\/wp-content\/uploads\/2019\/05\/Teacher-in-classroom-Derick-1024x576.png\" class=\"attachment-large size-large wp-image-92263 lazyload\" alt=\"\" data-srcset=\"https:\/\/everestlanguageschool.com\/wp-content\/uploads\/2019\/05\/Teacher-in-classroom-Derick-1024x576.png 1024w, https:\/\/everestlanguageschool.com\/wp-content\/uploads\/2019\/05\/Teacher-in-classroom-Derick-300x169.png 300w, https:\/\/everestlanguageschool.com\/wp-content\/uploads\/2019\/05\/Teacher-in-classroom-Derick-768x432.png 768w, https:\/\/everestlanguageschool.com\/wp-content\/uploads\/2019\/05\/Teacher-in-classroom-Derick.png 1920w\" data-sizes=\"(max-width: 1024px) 100vw, 1024px\" src=\"data:image\/gif;base64,R0lGODlhAQABAAAAACH5BAEKAAEALAAAAAABAAEAAAICTAEAOw==\" style=\"--smush-placeholder-width: 1024px; --smush-placeholder-aspect-ratio: 1024\/576;\" \/>\t\t\t\t\t\t\t\t\t\t\t\t\t\t\t<\/div>\n\t\t\t\t<\/div>\n\t\t\t\t<div class=\"elementor-element elementor-element-662df130 elementor-widget elementor-widget-heading\" data-id=\"662df130\" data-element_type=\"widget\" data-e-type=\"widget\" data-widget_type=\"heading.default\">\n\t\t\t\t<div class=\"elementor-widget-container\">\n\t\t\t\t\t<h3 class=\"elementor-heading-title elementor-size-default\">Reunindo profissionais<\/h3>\t\t\t\t<\/div>\n\t\t\t\t<\/div>\n\t\t\t\t<div class=\"elementor-element elementor-element-256fe33e elementor-widget elementor-widget-text-editor\" data-id=\"256fe33e\" data-element_type=\"widget\" data-e-type=\"widget\" data-widget_type=\"text-editor.default\">\n\t\t\t\t<div class=\"elementor-widget-container\">\n\t\t\t\t\t\t\t\t\t<p>O programa Erasmus+ \u00e9 reconhecido como muito ben\u00e9fico e construtivo em sua capacidade de reunir profissionais de toda a Europa, facilitando o compartilhamento de habilidades e a troca de conhecimentos por meio desses Projetos de Mobilidade. Os participantes podem n\u00e3o apenas adquirir novas habilidades por meio de cursos de treinamento, mas tamb\u00e9m t\u00eam a oportunidade de se envolver em iniciativas de grande escala que visam melhorar a qualidade dos servi\u00e7os de educa\u00e7\u00e3o e juventude em todo o continente. <\/p>\t\t\t\t\t\t\t\t<\/div>\n\t\t\t\t<\/div>\n\t\t\t\t\t<\/div>\n\t\t<\/div>\n\t\t\t\t<div class=\"elementor-column elementor-col-33 elementor-top-column elementor-element elementor-element-30851eb9\" data-id=\"30851eb9\" data-element_type=\"column\" data-e-type=\"column\">\n\t\t\t<div class=\"elementor-widget-wrap elementor-element-populated\">\n\t\t\t\t\t\t<div class=\"elementor-element elementor-element-76df3936 elementor-widget elementor-widget-heading\" data-id=\"76df3936\" data-element_type=\"widget\" data-e-type=\"widget\" data-widget_type=\"heading.default\">\n\t\t\t\t<div class=\"elementor-widget-container\">\n\t\t\t\t\t<h3 class=\"elementor-heading-title elementor-size-default\">Adaptado para profissionais da educa\u00e7\u00e3o  <\/h3>\t\t\t\t<\/div>\n\t\t\t\t<\/div>\n\t\t\t\t<div class=\"elementor-element elementor-element-51d1e6ec elementor-widget elementor-widget-text-editor\" data-id=\"51d1e6ec\" data-element_type=\"widget\" data-e-type=\"widget\" data-widget_type=\"text-editor.default\">\n\t\t\t\t<div class=\"elementor-widget-container\">\n\t\t\t\t\t\t\t\t\t<p>Um curso Erasmus \u00e9 definido como um programa de treinamento especializado em tempo integral com dura\u00e7\u00e3o m\u00ednima de dois dias, excluindo os dias de viagem. No Everest, oferecemos cursos imersivos feitos sob medida para profissionais da educa\u00e7\u00e3o que buscam aprimorar suas habilidades no idioma ingl\u00eas. Os cursos s\u00e3o organizados em blocos de semanas, e os participantes podem reservar de 1 a 25 semanas, dependendo de suas necessidades. De cursos abrangentes de ingl\u00eas geral a preparat\u00f3rios especializados para exames IELTS e CAE, nosso programa de mobilidade Erasmus+ promete enriquecimento educacional e uma gama diversificada de atividades sociais para complementar e aprimorar a experi\u00eancia de aprendizado.   <\/p>\t\t\t\t\t\t\t\t<\/div>\n\t\t\t\t<\/div>\n\t\t\t\t<div class=\"elementor-element elementor-element-130bf4b6 elementor-widget elementor-widget-image\" data-id=\"130bf4b6\" data-element_type=\"widget\" data-e-type=\"widget\" data-widget_type=\"image.default\">\n\t\t\t\t<div class=\"elementor-widget-container\">\n\t\t\t\t\t\t\t\t\t\t\t\t\t\t\t<img decoding=\"async\" width=\"1000\" height=\"563\" data-src=\"https:\/\/everestlanguageschool.com\/wp-content\/uploads\/2019\/07\/Teacher-explaining-grammar-Conor-2.png\" class=\"attachment-large size-large wp-image-80893 lazyload\" alt=\"Teacher explaining Erasmus+\" data-srcset=\"https:\/\/everestlanguageschool.com\/wp-content\/uploads\/2019\/07\/Teacher-explaining-grammar-Conor-2.png 1000w, https:\/\/everestlanguageschool.com\/wp-content\/uploads\/2019\/07\/Teacher-explaining-grammar-Conor-2-300x169.png 300w, https:\/\/everestlanguageschool.com\/wp-content\/uploads\/2019\/07\/Teacher-explaining-grammar-Conor-2-768x432.png 768w\" data-sizes=\"(max-width: 1000px) 100vw, 1000px\" src=\"data:image\/gif;base64,R0lGODlhAQABAAAAACH5BAEKAAEALAAAAAABAAEAAAICTAEAOw==\" style=\"--smush-placeholder-width: 1000px; --smush-placeholder-aspect-ratio: 1000\/563;\" \/>\t\t\t\t\t\t\t\t\t\t\t\t\t\t\t<\/div>\n\t\t\t\t<\/div>\n\t\t\t\t\t<\/div>\n\t\t<\/div>\n\t\t\t\t\t<\/div>\n\t\t<\/section>\n\t\t\t\t<section class=\"elementor-section elementor-top-section elementor-element elementor-element-e38c64e elementor-section-boxed elementor-section-height-default elementor-section-height-default\" data-id=\"e38c64e\" data-element_type=\"section\" data-e-type=\"section\">\n\t\t\t\t\t\t<div class=\"elementor-container elementor-column-gap-default\">\n\t\t\t\t\t<div class=\"elementor-column elementor-col-100 elementor-top-column elementor-element elementor-element-7bdf3ff\" data-id=\"7bdf3ff\" data-element_type=\"column\" data-e-type=\"column\">\n\t\t\t<div class=\"elementor-widget-wrap elementor-element-populated\">\n\t\t\t\t\t\t<div class=\"elementor-element elementor-element-e1a0f8f elementor-widget elementor-widget-spacer\" data-id=\"e1a0f8f\" data-element_type=\"widget\" data-e-type=\"widget\" data-widget_type=\"spacer.default\">\n\t\t\t\t<div class=\"elementor-widget-container\">\n\t\t\t\t\t\t\t<div class=\"elementor-spacer\">\n\t\t\t<div class=\"elementor-spacer-inner\"><\/div>\n\t\t<\/div>\n\t\t\t\t\t\t<\/div>\n\t\t\t\t<\/div>\n\t\t\t\t<div class=\"elementor-element elementor-element-5b6c8b8 elementor-widget elementor-widget-heading\" data-id=\"5b6c8b8\" data-element_type=\"widget\" data-e-type=\"widget\" data-widget_type=\"heading.default\">\n\t\t\t\t<div class=\"elementor-widget-container\">\n\t\t\t\t\t<h2 class=\"elementor-heading-title elementor-size-default\">SOLICITA\u00c7\u00c3O DE FINANCIAMENTO ERASMUS+<\/h2>\t\t\t\t<\/div>\n\t\t\t\t<\/div>\n\t\t\t\t\t<\/div>\n\t\t<\/div>\n\t\t\t\t\t<\/div>\n\t\t<\/section>\n\t\t\t\t<section class=\"elementor-section elementor-top-section elementor-element elementor-element-c37188c elementor-section-boxed elementor-section-height-default elementor-section-height-default\" data-id=\"c37188c\" data-element_type=\"section\" data-e-type=\"section\" data-settings=\"{&quot;background_background&quot;:&quot;classic&quot;}\">\n\t\t\t\t\t\t\t<div class=\"elementor-background-overlay\"><\/div>\n\t\t\t\t\t\t\t<div class=\"elementor-container elementor-column-gap-default\">\n\t\t\t\t\t<div class=\"elementor-column elementor-col-100 elementor-top-column elementor-element elementor-element-120be226\" data-id=\"120be226\" data-element_type=\"column\" data-e-type=\"column\">\n\t\t\t<div class=\"elementor-widget-wrap elementor-element-populated\">\n\t\t\t\t\t\t<section class=\"elementor-section elementor-inner-section elementor-element elementor-element-631a3fdb elementor-section-boxed elementor-section-height-default elementor-section-height-default\" data-id=\"631a3fdb\" data-element_type=\"section\" data-e-type=\"section\">\n\t\t\t\t\t\t<div class=\"elementor-container elementor-column-gap-default\">\n\t\t\t\t\t<div class=\"elementor-column elementor-col-50 elementor-inner-column elementor-element elementor-element-66235940\" data-id=\"66235940\" data-element_type=\"column\" data-e-type=\"column\">\n\t\t\t<div class=\"elementor-widget-wrap elementor-element-populated\">\n\t\t\t\t\t\t<div class=\"elementor-element elementor-element-62bc3fe7 elementor-widget elementor-widget-heading\" data-id=\"62bc3fe7\" data-element_type=\"widget\" data-e-type=\"widget\" data-widget_type=\"heading.default\">\n\t\t\t\t<div class=\"elementor-widget-container\">\n\t\t\t\t\t<h3 class=\"elementor-heading-title elementor-size-default\">Por que fazer um curso de ingl\u00eas Erasmus+?  <\/h3>\t\t\t\t<\/div>\n\t\t\t\t<\/div>\n\t\t\t\t<div class=\"elementor-element elementor-element-d3a4328 elementor-widget elementor-widget-text-editor\" data-id=\"d3a4328\" data-element_type=\"widget\" data-e-type=\"widget\" data-widget_type=\"text-editor.default\">\n\t\t\t\t<div class=\"elementor-widget-container\">\n\t\t\t\t\t\t\t\t\tH\u00e1 in\u00fameros benef\u00edcios em participar de um programa Erasmus+. Acima de tudo, ele fornece a voc\u00ea a inestim\u00e1vel habilidade de profici\u00eancia em um segundo idioma. Isso aumenta a sua compet\u00eancia profissional e \u00e9 um recurso essencial no mundo interconectado de hoje. Al\u00e9m disso, voc\u00ea ter\u00e1 a oportunidade de imergir em outra cultura, conhecer pessoas de todo o mundo e promover seu conhecimento e suas capacidades interculturais. Al\u00e9m disso, voc\u00ea ter\u00e1 a oportunidade de fazer contatos e criar v\u00ednculos com outras pessoas que pensam da mesma forma e que t\u00eam vontade de aprender e se conectar.      \n\t\t\t\t\t\t\t\t<\/div>\n\t\t\t\t<\/div>\n\t\t\t\t<div class=\"elementor-element elementor-element-fea1470 elementor-widget elementor-widget-heading\" data-id=\"fea1470\" data-element_type=\"widget\" data-e-type=\"widget\" data-widget_type=\"heading.default\">\n\t\t\t\t<div class=\"elementor-widget-container\">\n\t\t\t\t\t<h3 class=\"elementor-heading-title elementor-size-default\">Como se inscrever<\/h3>\t\t\t\t<\/div>\n\t\t\t\t<\/div>\n\t\t\t\t<div class=\"elementor-element elementor-element-a24288d elementor-widget elementor-widget-text-editor\" data-id=\"a24288d\" data-element_type=\"widget\" data-e-type=\"widget\" data-widget_type=\"text-editor.default\">\n\t\t\t\t<div class=\"elementor-widget-container\">\n\t\t\t\t\t\t\t\t\t<p>As inscri\u00e7\u00f5es para o programa Erasmus+ devem ser feitas por meio de sua institui\u00e7\u00e3o ou organiza\u00e7\u00e3o. Voc\u00ea pode perguntar \u00e0 sua institui\u00e7\u00e3o sobre o envolvimento dela na bolsa Erasmus+. O Everest ter\u00e1 prazer em fornecer o comprovante de matr\u00edcula, caso voc\u00ea precise dele para a sua inscri\u00e7\u00e3o no programa Erasmus+. Se ainda n\u00e3o o fizemos, trabalharemos com a sua organiza\u00e7\u00e3o para redigir um Acordo de Mobilidade sob medida.   <\/p>\t\t\t\t\t\t\t\t<\/div>\n\t\t\t\t<\/div>\n\t\t\t\t\t<\/div>\n\t\t<\/div>\n\t\t\t\t<div class=\"elementor-column elementor-col-50 elementor-inner-column elementor-element elementor-element-94cca7f\" data-id=\"94cca7f\" data-element_type=\"column\" data-e-type=\"column\">\n\t\t\t<div class=\"elementor-widget-wrap elementor-element-populated\">\n\t\t\t\t\t\t<div class=\"elementor-element elementor-element-11adb24 elementor-widget elementor-widget-heading\" data-id=\"11adb24\" data-element_type=\"widget\" data-e-type=\"widget\" data-widget_type=\"heading.default\">\n\t\t\t\t<div class=\"elementor-widget-container\">\n\t\t\t\t\t<h3 class=\"elementor-heading-title elementor-size-default\">Quem \u00e9 eleg\u00edvel<\/h3>\t\t\t\t<\/div>\n\t\t\t\t<\/div>\n\t\t\t\t<div class=\"elementor-element elementor-element-c9f26f3 elementor-widget elementor-widget-text-editor\" data-id=\"c9f26f3\" data-element_type=\"widget\" data-e-type=\"widget\" data-widget_type=\"text-editor.default\">\n\t\t\t\t<div class=\"elementor-widget-container\">\n\t\t\t\t\t\t\t\t\t<p>O Erasmus amplia as oportunidades de financiamento para profissionais de v\u00e1rios setores, inclusive:<\/p><p>Ensino superior<\/p><p><span style=\"font-style: inherit; font-weight: inherit; color: var( --e-global-color-text ); font-family: var( --e-global-typography-text-font-family ), Sans-serif;\">Educa\u00e7\u00e3o prim\u00e1ria e secund\u00e1ria<\/span><\/p><p>Educa\u00e7\u00e3o de adultos<\/p><p>Escolas profissionalizantes<\/p><p>Juventude e esporte<\/p><p>Todos os cidad\u00e3os de membros da UE que trabalham nos setores de educa\u00e7\u00e3o, esporte ou juventude podem se candidatar a uma bolsa do Projeto de Mobilidade Erasmus+. A participa\u00e7\u00e3o tamb\u00e9m est\u00e1 aberta a v\u00e1rios pa\u00edses fora da UE.<br>Indiv\u00edduos da Isl\u00e2ndia, Lichtenstein, Maced\u00f4nia do Norte, Noruega, S\u00e9rvia ou Turquia podem se candidatar ao Erasmus+, apesar de n\u00e3o serem membros da UE. Esses pa\u00edses est\u00e3o associados ao programa Erasmus+, o que permite que seus cidad\u00e3os tenham oportunidades de participar do programa.  <\/p>\t\t\t\t\t\t\t\t<\/div>\n\t\t\t\t<\/div>\n\t\t\t\t\t<\/div>\n\t\t<\/div>\n\t\t\t\t\t<\/div>\n\t\t<\/section>\n\t\t\t\t<div class=\"elementor-element elementor-element-a49d426 elementor-widget elementor-widget-spacer\" data-id=\"a49d426\" data-element_type=\"widget\" data-e-type=\"widget\" data-widget_type=\"spacer.default\">\n\t\t\t\t<div class=\"elementor-widget-container\">\n\t\t\t\t\t\t\t<div class=\"elementor-spacer\">\n\t\t\t<div class=\"elementor-spacer-inner\"><\/div>\n\t\t<\/div>\n\t\t\t\t\t\t<\/div>\n\t\t\t\t<\/div>\n\t\t\t\t<section class=\"elementor-section elementor-inner-section elementor-element elementor-element-cf0e3fb elementor-section-boxed elementor-section-height-default elementor-section-height-default\" data-id=\"cf0e3fb\" data-element_type=\"section\" data-e-type=\"section\">\n\t\t\t\t\t\t<div class=\"elementor-container elementor-column-gap-default\">\n\t\t\t\t\t<div class=\"elementor-column elementor-col-50 elementor-inner-column elementor-element elementor-element-032f415\" data-id=\"032f415\" data-element_type=\"column\" data-e-type=\"column\">\n\t\t\t<div class=\"elementor-widget-wrap elementor-element-populated\">\n\t\t\t\t\t\t<div class=\"elementor-element elementor-element-10b287c elementor-widget elementor-widget-image\" data-id=\"10b287c\" data-element_type=\"widget\" data-e-type=\"widget\" data-widget_type=\"image.default\">\n\t\t\t\t<div class=\"elementor-widget-container\">\n\t\t\t\t\t\t\t\t\t\t\t\t\t\t\t<img decoding=\"async\" width=\"300\" height=\"225\" data-src=\"https:\/\/everestlanguageschool.com\/wp-content\/uploads\/2025\/09\/MEC-logo-300x225.png\" class=\"attachment-medium size-medium wp-image-92232 lazyload\" alt=\"My Erasmus Course Membership\" data-srcset=\"https:\/\/everestlanguageschool.com\/wp-content\/uploads\/2025\/09\/MEC-logo-300x225.png 300w, https:\/\/everestlanguageschool.com\/wp-content\/uploads\/2025\/09\/MEC-logo-768x576.png 768w, https:\/\/everestlanguageschool.com\/wp-content\/uploads\/2025\/09\/MEC-logo.png 800w\" data-sizes=\"(max-width: 300px) 100vw, 300px\" src=\"data:image\/gif;base64,R0lGODlhAQABAAAAACH5BAEKAAEALAAAAAABAAEAAAICTAEAOw==\" style=\"--smush-placeholder-width: 300px; --smush-placeholder-aspect-ratio: 300\/225;\" \/>\t\t\t\t\t\t\t\t\t\t\t\t\t\t\t<\/div>\n\t\t\t\t<\/div>\n\t\t\t\t\t<\/div>\n\t\t<\/div>\n\t\t\t\t<div class=\"elementor-column elementor-col-50 elementor-inner-column elementor-element elementor-element-5bc5cd4\" data-id=\"5bc5cd4\" data-element_type=\"column\" data-e-type=\"column\">\n\t\t\t<div class=\"elementor-widget-wrap elementor-element-populated\">\n\t\t\t\t\t\t<div class=\"elementor-element elementor-element-897d84a elementor-widget elementor-widget-text-editor\" data-id=\"897d84a\" data-element_type=\"widget\" data-e-type=\"widget\" data-widget_type=\"text-editor.default\">\n\t\t\t\t<div class=\"elementor-widget-container\">\n\t\t\t\t\t\t\t\t\t<h3>O Everest \u00e9 um membro orgulhoso do <em>My<\/em><span style=\"font-family: Averia Serif Libre;\">Erasmus Course<span><\/h3>\nTemos orgulho de fazer parte do My Erasmus Course, uma rede colaborativa dos principais provedores de idiomas e desenvolvimento profissional com sede em Dublin, Irlanda. Essa iniciativa oferece um portf\u00f3lio diversificado de programas Erasmus+ criados para atender \u00e0s necessidades em constante evolu\u00e7\u00e3o de educadores e alunos em toda a Europa. Com uma base s\u00f3lida em Ensino Comunicativo de Idiomas e Aprendizagem Integrada de Conte\u00fado e Idioma, os cursos tamb\u00e9m exploram \u00e1reas inovadoras, como EdTech, IA, Estudos Ambientais, STEM e Aprendizagem Baseada em Projetos. Ministrados por instrutores especializados em grupos interativos, cada curso oferece solu\u00e7\u00f5es pr\u00e1ticas e centradas no aluno para os desafios educacionais atuais. Os participantes s\u00e3o convidados a atualizar suas habilidades, trocar ideias com colegas e vivenciar o rico patrim\u00f4nio cultural da Irlanda em um ambiente de aprendizado vibrante e favor\u00e1vel.    \t\t\t\t\t\t\t\t<\/div>\n\t\t\t\t<\/div>\n\t\t\t\t\t<\/div>\n\t\t<\/div>\n\t\t\t\t\t<\/div>\n\t\t<\/section>\n\t\t\t\t<div class=\"elementor-element elementor-element-ef90fb8 elementor-widget elementor-widget-image\" data-id=\"ef90fb8\" data-element_type=\"widget\" data-e-type=\"widget\" data-widget_type=\"image.default\">\n\t\t\t\t<div class=\"elementor-widget-container\">\n\t\t\t\t\t\t\t\t\t\t\t\t\t\t\t<img decoding=\"async\" width=\"1024\" height=\"517\" data-src=\"https:\/\/everestlanguageschool.com\/wp-content\/uploads\/2025\/09\/WhatsApp-Image-2025-09-03-at-16.04.41-1024x517.jpeg\" class=\"attachment-large size-large wp-image-92239 lazyload\" alt=\"My Erasmus Courses (members photo)\" data-srcset=\"https:\/\/everestlanguageschool.com\/wp-content\/uploads\/2025\/09\/WhatsApp-Image-2025-09-03-at-16.04.41-1024x517.jpeg 1024w, https:\/\/everestlanguageschool.com\/wp-content\/uploads\/2025\/09\/WhatsApp-Image-2025-09-03-at-16.04.41-300x152.jpeg 300w, https:\/\/everestlanguageschool.com\/wp-content\/uploads\/2025\/09\/WhatsApp-Image-2025-09-03-at-16.04.41-768x388.jpeg 768w, https:\/\/everestlanguageschool.com\/wp-content\/uploads\/2025\/09\/WhatsApp-Image-2025-09-03-at-16.04.41.jpeg 1487w\" data-sizes=\"(max-width: 1024px) 100vw, 1024px\" src=\"data:image\/gif;base64,R0lGODlhAQABAAAAACH5BAEKAAEALAAAAAABAAEAAAICTAEAOw==\" style=\"--smush-placeholder-width: 1024px; --smush-placeholder-aspect-ratio: 1024\/517;\" \/>\t\t\t\t\t\t\t\t\t\t\t\t\t\t\t<\/div>\n\t\t\t\t<\/div>\n\t\t\t\t<div class=\"elementor-element elementor-element-42d3320 elementor-widget elementor-widget-spacer\" data-id=\"42d3320\" data-element_type=\"widget\" data-e-type=\"widget\" data-widget_type=\"spacer.default\">\n\t\t\t\t<div class=\"elementor-widget-container\">\n\t\t\t\t\t\t\t<div class=\"elementor-spacer\">\n\t\t\t<div class=\"elementor-spacer-inner\"><\/div>\n\t\t<\/div>\n\t\t\t\t\t\t<\/div>\n\t\t\t\t<\/div>\n\t\t\t\t\t<\/div>\n\t\t<\/div>\n\t\t\t\t\t<\/div>\n\t\t<\/section>\n\t\t\t\t<section class=\"elementor-section elementor-top-section elementor-element elementor-element-9fa62c2 elementor-section-boxed elementor-section-height-default elementor-section-height-default\" data-id=\"9fa62c2\" data-element_type=\"section\" data-e-type=\"section\">\n\t\t\t\t\t\t<div class=\"elementor-container elementor-column-gap-default\">\n\t\t\t\t\t<div class=\"elementor-column elementor-col-100 elementor-top-column elementor-element elementor-element-66cbe60\" data-id=\"66cbe60\" data-element_type=\"column\" data-e-type=\"column\">\n\t\t\t<div class=\"elementor-widget-wrap elementor-element-populated\">\n\t\t\t\t\t\t<div class=\"elementor-element elementor-element-b4196e9 elementor-widget elementor-widget-spacer\" data-id=\"b4196e9\" data-element_type=\"widget\" data-e-type=\"widget\" data-widget_type=\"spacer.default\">\n\t\t\t\t<div class=\"elementor-widget-container\">\n\t\t\t\t\t\t\t<div class=\"elementor-spacer\">\n\t\t\t<div class=\"elementor-spacer-inner\"><\/div>\n\t\t<\/div>\n\t\t\t\t\t\t<\/div>\n\t\t\t\t<\/div>\n\t\t\t\t<div class=\"elementor-element elementor-element-c73f582 elementor-widget elementor-widget-heading\" data-id=\"c73f582\" data-element_type=\"widget\" data-e-type=\"widget\" data-widget_type=\"heading.default\">\n\t\t\t\t<div class=\"elementor-widget-container\">\n\t\t\t\t\t<h2 class=\"elementor-heading-title elementor-size-default\">Cursos de ingl\u00eas eleg\u00edveis para financiamento do Erasmus+<\/h2>\t\t\t\t<\/div>\n\t\t\t\t<\/div>\n\t\t\t\t\t<\/div>\n\t\t<\/div>\n\t\t\t\t\t<\/div>\n\t\t<\/section>\n\t\t\t\t<section class=\"elementor-section elementor-top-section elementor-element elementor-element-b90afa0 elementor-section-boxed elementor-section-height-default elementor-section-height-default\" data-id=\"b90afa0\" data-element_type=\"section\" data-e-type=\"section\">\n\t\t\t\t\t\t<div class=\"elementor-container elementor-column-gap-default\">\n\t\t\t\t\t<div class=\"elementor-column elementor-col-33 elementor-top-column elementor-element elementor-element-42ee257\" data-id=\"42ee257\" data-element_type=\"column\" data-e-type=\"column\">\n\t\t\t<div class=\"elementor-widget-wrap elementor-element-populated\">\n\t\t\t\t\t\t<div class=\"elementor-element elementor-element-0c95e40 elementor-position-top elementor-widget elementor-widget-image-box\" data-id=\"0c95e40\" data-element_type=\"widget\" data-e-type=\"widget\" data-widget_type=\"image-box.default\">\n\t\t\t\t<div class=\"elementor-widget-container\">\n\t\t\t\t\t<div class=\"elementor-image-box-wrapper\"><figure class=\"elementor-image-box-img\"><a href=\"https:\/\/everestlanguageschool.com\/pt-br\/ingles-geral-intensivo-26-horas\/\" tabindex=\"-1\"><img decoding=\"async\" width=\"2560\" height=\"1709\" data-src=\"https:\/\/everestlanguageschool.com\/wp-content\/uploads\/2023\/05\/Everest-summer-2022-41-scaled-1.jpg\" class=\"attachment-full size-full wp-image-93577 lazyload\" alt=\"\" data-srcset=\"https:\/\/everestlanguageschool.com\/wp-content\/uploads\/2023\/05\/Everest-summer-2022-41-scaled-1.jpg 2560w, https:\/\/everestlanguageschool.com\/wp-content\/uploads\/2023\/05\/Everest-summer-2022-41-scaled-1-300x200.jpg 300w, https:\/\/everestlanguageschool.com\/wp-content\/uploads\/2023\/05\/Everest-summer-2022-41-scaled-1-1024x684.jpg 1024w, https:\/\/everestlanguageschool.com\/wp-content\/uploads\/2023\/05\/Everest-summer-2022-41-scaled-1-768x513.jpg 768w, https:\/\/everestlanguageschool.com\/wp-content\/uploads\/2023\/05\/Everest-summer-2022-41-scaled-1-1536x1025.jpg 1536w, https:\/\/everestlanguageschool.com\/wp-content\/uploads\/2023\/05\/Everest-summer-2022-41-scaled-1-2048x1367.jpg 2048w\" data-sizes=\"(max-width: 2560px) 100vw, 2560px\" src=\"data:image\/gif;base64,R0lGODlhAQABAAAAACH5BAEKAAEALAAAAAABAAEAAAICTAEAOw==\" style=\"--smush-placeholder-width: 2560px; --smush-placeholder-aspect-ratio: 2560\/1709;\" \/><\/a><\/figure><div class=\"elementor-image-box-content\"><h3 class=\"elementor-image-box-title\"><a href=\"https:\/\/everestlanguageschool.com\/pt-br\/ingles-geral-intensivo-26-horas\/\">INGL\u00caS GERAL INTENSIVO (26 HORAS)<\/a><\/h3><p class=\"elementor-image-box-description\">Este curso foi criado para aqueles que realmente querem melhorar rapidamente seu n\u00edvel de ingl\u00eas. Este curso oferece 26 horas de contato em sala de aula durante a semana, abrangendo gram\u00e1tica inglesa, compreens\u00e3o de leitura... <\/p><\/div><\/div>\t\t\t\t<\/div>\n\t\t\t\t<\/div>\n\t\t\t\t\t<\/div>\n\t\t<\/div>\n\t\t\t\t<div class=\"elementor-column elementor-col-33 elementor-top-column elementor-element elementor-element-78dcaca\" data-id=\"78dcaca\" data-element_type=\"column\" data-e-type=\"column\">\n\t\t\t<div class=\"elementor-widget-wrap elementor-element-populated\">\n\t\t\t\t\t\t<div class=\"elementor-element elementor-element-b91e886 elementor-position-top elementor-widget elementor-widget-image-box\" data-id=\"b91e886\" data-element_type=\"widget\" data-e-type=\"widget\" data-widget_type=\"image-box.default\">\n\t\t\t\t<div class=\"elementor-widget-container\">\n\t\t\t\t\t<div class=\"elementor-image-box-wrapper\"><figure class=\"elementor-image-box-img\"><a href=\"https:\/\/everestlanguageschool.com\/pt-br\/preparacao-intensiva-para-cambridge-26-horas\/\" tabindex=\"-1\"><img decoding=\"async\" width=\"2560\" height=\"1709\" data-src=\"https:\/\/everestlanguageschool.com\/wp-content\/uploads\/2024\/06\/Everest-summer-2022-6-scaled.jpg\" class=\"attachment-full size-full wp-image-92341 lazyload\" alt=\"\" data-srcset=\"https:\/\/everestlanguageschool.com\/wp-content\/uploads\/2024\/06\/Everest-summer-2022-6-scaled.jpg 2560w, https:\/\/everestlanguageschool.com\/wp-content\/uploads\/2024\/06\/Everest-summer-2022-6-300x200.jpg 300w, https:\/\/everestlanguageschool.com\/wp-content\/uploads\/2024\/06\/Everest-summer-2022-6-1024x684.jpg 1024w, https:\/\/everestlanguageschool.com\/wp-content\/uploads\/2024\/06\/Everest-summer-2022-6-768x513.jpg 768w, https:\/\/everestlanguageschool.com\/wp-content\/uploads\/2024\/06\/Everest-summer-2022-6-1536x1025.jpg 1536w, https:\/\/everestlanguageschool.com\/wp-content\/uploads\/2024\/06\/Everest-summer-2022-6-2048x1367.jpg 2048w\" data-sizes=\"(max-width: 2560px) 100vw, 2560px\" src=\"data:image\/gif;base64,R0lGODlhAQABAAAAACH5BAEKAAEALAAAAAABAAEAAAICTAEAOw==\" style=\"--smush-placeholder-width: 2560px; --smush-placeholder-aspect-ratio: 2560\/1709;\" \/><\/a><\/figure><div class=\"elementor-image-box-content\"><h3 class=\"elementor-image-box-title\"><a href=\"https:\/\/everestlanguageschool.com\/pt-br\/preparacao-intensiva-para-cambridge-26-horas\/\">PREPARA\u00c7\u00c3O INTENSIVA PARA CAMBRIDGE (26 horas)<\/a><\/h3><p class=\"elementor-image-box-description\">A obten\u00e7\u00e3o de certifica\u00e7\u00f5es como o FCE (First Certificate in English) e o CAE (Certificate in Advanced English) ajuda a abrir portas para grandes oportunidades tanto no ensino superior quanto no cen\u00e1rio profissional...<\/p><\/div><\/div>\t\t\t\t<\/div>\n\t\t\t\t<\/div>\n\t\t\t\t\t<\/div>\n\t\t<\/div>\n\t\t\t\t<div class=\"elementor-column elementor-col-33 elementor-top-column elementor-element elementor-element-09dab1a\" data-id=\"09dab1a\" data-element_type=\"column\" data-e-type=\"column\">\n\t\t\t<div class=\"elementor-widget-wrap elementor-element-populated\">\n\t\t\t\t\t\t<div class=\"elementor-element elementor-element-26a8b2f elementor-position-top elementor-widget elementor-widget-image-box\" data-id=\"26a8b2f\" data-element_type=\"widget\" data-e-type=\"widget\" data-widget_type=\"image-box.default\">\n\t\t\t\t<div class=\"elementor-widget-container\">\n\t\t\t\t\t<div class=\"elementor-image-box-wrapper\"><figure class=\"elementor-image-box-img\"><a href=\"https:\/\/everestlanguageschool.com\/innovative-language-teaching-methods\/\" tabindex=\"-1\"><img decoding=\"async\" width=\"2560\" height=\"1709\" data-src=\"https:\/\/everestlanguageschool.com\/wp-content\/uploads\/2024\/06\/Everest-summer-2022-71-scaled.jpg\" class=\"attachment-full size-full wp-image-88676 lazyload\" alt=\"\" data-srcset=\"https:\/\/everestlanguageschool.com\/wp-content\/uploads\/2024\/06\/Everest-summer-2022-71-scaled.jpg 2560w, https:\/\/everestlanguageschool.com\/wp-content\/uploads\/2024\/06\/Everest-summer-2022-71-300x200.jpg 300w, https:\/\/everestlanguageschool.com\/wp-content\/uploads\/2024\/06\/Everest-summer-2022-71-1024x684.jpg 1024w, https:\/\/everestlanguageschool.com\/wp-content\/uploads\/2024\/06\/Everest-summer-2022-71-768x513.jpg 768w, https:\/\/everestlanguageschool.com\/wp-content\/uploads\/2024\/06\/Everest-summer-2022-71-1536x1025.jpg 1536w, https:\/\/everestlanguageschool.com\/wp-content\/uploads\/2024\/06\/Everest-summer-2022-71-2048x1367.jpg 2048w\" data-sizes=\"(max-width: 2560px) 100vw, 2560px\" src=\"data:image\/gif;base64,R0lGODlhAQABAAAAACH5BAEKAAEALAAAAAABAAEAAAICTAEAOw==\" style=\"--smush-placeholder-width: 2560px; --smush-placeholder-aspect-ratio: 2560\/1709;\" \/><\/a><\/figure><div class=\"elementor-image-box-content\"><h3 class=\"elementor-image-box-title\"><a href=\"https:\/\/everestlanguageschool.com\/innovative-language-teaching-methods\/\">M\u00c9TODOS INOVADORES DE ENSINO DE IDIOMAS<\/a><\/h3><p class=\"elementor-image-box-description\">Fique \u00e0 frente com 26 horas de treinamento em m\u00e9todos inovadores de ensino de idiomas. Este curso explora as abordagens mais recentes, incluindo integra\u00e7\u00e3o de tecnologia, aprendizado interativo... <\/p><\/div><\/div>\t\t\t\t<\/div>\n\t\t\t\t<\/div>\n\t\t\t\t\t<\/div>\n\t\t<\/div>\n\t\t\t\t\t<\/div>\n\t\t<\/section>\n\t\t\t\t<section class=\"elementor-section elementor-top-section elementor-element elementor-element-804df2e elementor-section-boxed elementor-section-height-default elementor-section-height-default\" data-id=\"804df2e\" data-element_type=\"section\" data-e-type=\"section\">\n\t\t\t\t\t\t<div class=\"elementor-container elementor-column-gap-default\">\n\t\t\t\t\t<div class=\"elementor-column elementor-col-33 elementor-top-column elementor-element elementor-element-e307601\" data-id=\"e307601\" data-element_type=\"column\" data-e-type=\"column\">\n\t\t\t<div class=\"elementor-widget-wrap elementor-element-populated\">\n\t\t\t\t\t\t<div class=\"elementor-element elementor-element-8f1a910 elementor-position-top elementor-widget elementor-widget-image-box\" data-id=\"8f1a910\" data-element_type=\"widget\" data-e-type=\"widget\" data-widget_type=\"image-box.default\">\n\t\t\t\t<div class=\"elementor-widget-container\">\n\t\t\t\t\t<div class=\"elementor-image-box-wrapper\"><figure class=\"elementor-image-box-img\"><a href=\"https:\/\/everestlanguageschool.com\/pt-br\/ingles-geral-20-horas-erasmus\/\" tabindex=\"-1\"><img decoding=\"async\" width=\"2560\" height=\"1709\" data-src=\"https:\/\/everestlanguageschool.com\/wp-content\/uploads\/2024\/06\/Everest-summer-2022-96-scaled.jpg\" class=\"attachment-full size-full wp-image-92376 lazyload\" alt=\"\" data-srcset=\"https:\/\/everestlanguageschool.com\/wp-content\/uploads\/2024\/06\/Everest-summer-2022-96-scaled.jpg 2560w, https:\/\/everestlanguageschool.com\/wp-content\/uploads\/2024\/06\/Everest-summer-2022-96-300x200.jpg 300w, https:\/\/everestlanguageschool.com\/wp-content\/uploads\/2024\/06\/Everest-summer-2022-96-1024x684.jpg 1024w, https:\/\/everestlanguageschool.com\/wp-content\/uploads\/2024\/06\/Everest-summer-2022-96-768x513.jpg 768w, https:\/\/everestlanguageschool.com\/wp-content\/uploads\/2024\/06\/Everest-summer-2022-96-1536x1025.jpg 1536w, https:\/\/everestlanguageschool.com\/wp-content\/uploads\/2024\/06\/Everest-summer-2022-96-2048x1367.jpg 2048w\" data-sizes=\"(max-width: 2560px) 100vw, 2560px\" src=\"data:image\/gif;base64,R0lGODlhAQABAAAAACH5BAEKAAEALAAAAAABAAEAAAICTAEAOw==\" style=\"--smush-placeholder-width: 2560px; --smush-placeholder-aspect-ratio: 2560\/1709;\" \/><\/a><\/figure><div class=\"elementor-image-box-content\"><h3 class=\"elementor-image-box-title\"><a href=\"https:\/\/everestlanguageschool.com\/pt-br\/ingles-geral-20-horas-erasmus\/\">INGL\u00caS GERAL (20 HORAS)<\/a><\/h3><p class=\"elementor-image-box-description\">Este curso destina-se a alunos que desejam aprimorar seu n\u00edvel geral de ingl\u00eas de forma abrangente. Ele abrange todas as facetas do idioma, incluindo leitura, escrita, audi\u00e7\u00e3o e fala... <\/p><\/div><\/div>\t\t\t\t<\/div>\n\t\t\t\t<\/div>\n\t\t\t\t\t<\/div>\n\t\t<\/div>\n\t\t\t\t<div class=\"elementor-column elementor-col-33 elementor-top-column elementor-element elementor-element-cb63a42\" data-id=\"cb63a42\" data-element_type=\"column\" data-e-type=\"column\">\n\t\t\t<div class=\"elementor-widget-wrap elementor-element-populated\">\n\t\t\t\t\t\t<div class=\"elementor-element elementor-element-ea3261e elementor-position-top elementor-widget elementor-widget-image-box\" data-id=\"ea3261e\" data-element_type=\"widget\" data-e-type=\"widget\" data-widget_type=\"image-box.default\">\n\t\t\t\t<div class=\"elementor-widget-container\">\n\t\t\t\t\t<div class=\"elementor-image-box-wrapper\"><figure class=\"elementor-image-box-img\"><a href=\"https:\/\/everestlanguageschool.com\/clil-integrating-content-and-language-learning\/\" tabindex=\"-1\"><img decoding=\"async\" width=\"2560\" height=\"1709\" data-src=\"https:\/\/everestlanguageschool.com\/wp-content\/uploads\/2023\/05\/Everest-summer-2022-22-scaled-1.jpg\" class=\"attachment-full size-full wp-image-92310 lazyload\" alt=\"\" data-srcset=\"https:\/\/everestlanguageschool.com\/wp-content\/uploads\/2023\/05\/Everest-summer-2022-22-scaled-1.jpg 2560w, https:\/\/everestlanguageschool.com\/wp-content\/uploads\/2023\/05\/Everest-summer-2022-22-scaled-1-300x200.jpg 300w, https:\/\/everestlanguageschool.com\/wp-content\/uploads\/2023\/05\/Everest-summer-2022-22-scaled-1-1024x684.jpg 1024w, https:\/\/everestlanguageschool.com\/wp-content\/uploads\/2023\/05\/Everest-summer-2022-22-scaled-1-768x513.jpg 768w, https:\/\/everestlanguageschool.com\/wp-content\/uploads\/2023\/05\/Everest-summer-2022-22-scaled-1-1536x1025.jpg 1536w, https:\/\/everestlanguageschool.com\/wp-content\/uploads\/2023\/05\/Everest-summer-2022-22-scaled-1-2048x1367.jpg 2048w\" data-sizes=\"(max-width: 2560px) 100vw, 2560px\" src=\"data:image\/gif;base64,R0lGODlhAQABAAAAACH5BAEKAAEALAAAAAABAAEAAAICTAEAOw==\" style=\"--smush-placeholder-width: 2560px; --smush-placeholder-aspect-ratio: 2560\/1709;\" \/><\/a><\/figure><div class=\"elementor-image-box-content\"><h3 class=\"elementor-image-box-title\"><a href=\"https:\/\/everestlanguageschool.com\/clil-integrating-content-and-language-learning\/\">CLIL: INTEGRANDO CONTE\u00daDO E APRENDIZADO DE IDIOMAS<\/a><\/h3><p class=\"elementor-image-box-description\">Transforme seu ensino com 26 horas de treinamento em CLIL (Content and Language Integrated Learning). Este curso oferece estrat\u00e9gias pr\u00e1ticas para voc\u00ea combinar o ensino da mat\u00e9ria e do idioma... <\/p><\/div><\/div>\t\t\t\t<\/div>\n\t\t\t\t<\/div>\n\t\t\t\t\t<\/div>\n\t\t<\/div>\n\t\t\t\t<div class=\"elementor-column elementor-col-33 elementor-top-column elementor-element elementor-element-782d919\" data-id=\"782d919\" data-element_type=\"column\" data-e-type=\"column\">\n\t\t\t<div class=\"elementor-widget-wrap elementor-element-populated\">\n\t\t\t\t\t\t<div class=\"elementor-element elementor-element-a6b2d09 elementor-widget__width-initial elementor-position-top elementor-widget elementor-widget-image-box\" data-id=\"a6b2d09\" data-element_type=\"widget\" data-e-type=\"widget\" data-widget_type=\"image-box.default\">\n\t\t\t\t<div class=\"elementor-widget-container\">\n\t\t\t\t\t<div class=\"elementor-image-box-wrapper\"><figure class=\"elementor-image-box-img\"><a href=\"https:\/\/everestlanguageschool.com\/pt-br\/preparacao-intensiva-para-o-ielts-26-horas\/\" tabindex=\"-1\"><img decoding=\"async\" width=\"2560\" height=\"1709\" data-src=\"https:\/\/everestlanguageschool.com\/wp-content\/uploads\/2023\/04\/Everest-summer-2022-10-scaled.jpg\" class=\"attachment-full size-full wp-image-86765 lazyload\" alt=\"Students learning in an English school in Dublin - General English course in Dublin\" data-srcset=\"https:\/\/everestlanguageschool.com\/wp-content\/uploads\/2023\/04\/Everest-summer-2022-10-scaled.jpg 2560w, https:\/\/everestlanguageschool.com\/wp-content\/uploads\/2023\/04\/Everest-summer-2022-10-300x200.jpg 300w, https:\/\/everestlanguageschool.com\/wp-content\/uploads\/2023\/04\/Everest-summer-2022-10-1024x684.jpg 1024w, https:\/\/everestlanguageschool.com\/wp-content\/uploads\/2023\/04\/Everest-summer-2022-10-768x513.jpg 768w, https:\/\/everestlanguageschool.com\/wp-content\/uploads\/2023\/04\/Everest-summer-2022-10-1536x1025.jpg 1536w, https:\/\/everestlanguageschool.com\/wp-content\/uploads\/2023\/04\/Everest-summer-2022-10-2048x1367.jpg 2048w\" data-sizes=\"(max-width: 2560px) 100vw, 2560px\" src=\"data:image\/gif;base64,R0lGODlhAQABAAAAACH5BAEKAAEALAAAAAABAAEAAAICTAEAOw==\" style=\"--smush-placeholder-width: 2560px; --smush-placeholder-aspect-ratio: 2560\/1709;\" \/><\/a><\/figure><div class=\"elementor-image-box-content\"><h3 class=\"elementor-image-box-title\"><a href=\"https:\/\/everestlanguageschool.com\/pt-br\/preparacao-intensiva-para-o-ielts-26-horas\/\">PREPARA\u00c7\u00c3O INTENSIVA PARA O IELTS (26 HORAS)<\/a><\/h3><p class=\"elementor-image-box-description\">Ter uma qualifica\u00e7\u00e3o oficial em ingl\u00eas representa uma vantagem significativa em seu curr\u00edculo e \u00e9 por isso que in\u00fameras pessoas optam por fazer o exame IELTS. O exame IELTS \u00e9 aceito em mais de 140 pa\u00edses em todo o mundo... <\/p><\/div><\/div>\t\t\t\t<\/div>\n\t\t\t\t<\/div>\n\t\t\t\t\t<\/div>\n\t\t<\/div>\n\t\t\t\t\t<\/div>\n\t\t<\/section>\n\t\t\t\t<section class=\"elementor-section elementor-top-section elementor-element elementor-element-5875322 elementor-section-boxed elementor-section-height-default elementor-section-height-default\" data-id=\"5875322\" data-element_type=\"section\" data-e-type=\"section\">\n\t\t\t\t\t\t<div class=\"elementor-container elementor-column-gap-default\">\n\t\t\t\t\t<div class=\"elementor-column elementor-col-33 elementor-top-column elementor-element elementor-element-d69ff55\" data-id=\"d69ff55\" data-element_type=\"column\" data-e-type=\"column\">\n\t\t\t<div class=\"elementor-widget-wrap elementor-element-populated\">\n\t\t\t\t\t\t<div class=\"elementor-element elementor-element-e80e229 elementor-position-top elementor-widget elementor-widget-image-box\" data-id=\"e80e229\" data-element_type=\"widget\" data-e-type=\"widget\" data-widget_type=\"image-box.default\">\n\t\t\t\t<div class=\"elementor-widget-container\">\n\t\t\t\t\t<div class=\"elementor-image-box-wrapper\"><figure class=\"elementor-image-box-img\"><a href=\"https:\/\/everestlanguageschool.com\/pt-br\/integracao-de-tecnologia-no-ensino-de-idiomas\/\" tabindex=\"-1\"><img decoding=\"async\" width=\"1000\" height=\"563\" data-src=\"https:\/\/everestlanguageschool.com\/wp-content\/uploads\/2024\/06\/Teaching-Business-English-in-Dublin.webp\" class=\"attachment-full size-full wp-image-93892 lazyload\" alt=\"\" data-srcset=\"https:\/\/everestlanguageschool.com\/wp-content\/uploads\/2024\/06\/Teaching-Business-English-in-Dublin.webp 1000w, https:\/\/everestlanguageschool.com\/wp-content\/uploads\/2024\/06\/Teaching-Business-English-in-Dublin-300x169.webp 300w, https:\/\/everestlanguageschool.com\/wp-content\/uploads\/2024\/06\/Teaching-Business-English-in-Dublin-768x432.webp 768w\" data-sizes=\"(max-width: 1000px) 100vw, 1000px\" src=\"data:image\/gif;base64,R0lGODlhAQABAAAAACH5BAEKAAEALAAAAAABAAEAAAICTAEAOw==\" style=\"--smush-placeholder-width: 1000px; --smush-placeholder-aspect-ratio: 1000\/563;\" \/><\/a><\/figure><div class=\"elementor-image-box-content\"><h3 class=\"elementor-image-box-title\"><a href=\"https:\/\/everestlanguageschool.com\/pt-br\/integracao-de-tecnologia-no-ensino-de-idiomas\/\">INTEGRA\u00c7\u00c3O DE TECNOLOGIA NO ENSINO DE IDIOMAS<\/a><\/h3><p class=\"elementor-image-box-description\">Este curso \u00e9 perfeito para aqueles que desejam integrar a tecnologia moderna em seu ensino de idiomas. Com 26 horas de contato em sala de aula, ele abrange o uso de jogos interativos... <\/p><\/div><\/div>\t\t\t\t<\/div>\n\t\t\t\t<\/div>\n\t\t\t\t\t<\/div>\n\t\t<\/div>\n\t\t\t\t<div class=\"elementor-column elementor-col-33 elementor-top-column elementor-element elementor-element-4ce7859\" data-id=\"4ce7859\" data-element_type=\"column\" data-e-type=\"column\">\n\t\t\t<div class=\"elementor-widget-wrap elementor-element-populated\">\n\t\t\t\t\t\t<div class=\"elementor-element elementor-element-4357102 elementor-position-top elementor-widget elementor-widget-image-box\" data-id=\"4357102\" data-element_type=\"widget\" data-e-type=\"widget\" data-widget_type=\"image-box.default\">\n\t\t\t\t<div class=\"elementor-widget-container\">\n\t\t\t\t\t<div class=\"elementor-image-box-wrapper\"><figure class=\"elementor-image-box-img\"><a href=\"https:\/\/everestlanguageschool.com\/pt-br\/atencao-plena-e-bem-estar-na-sala-de-aula\/\" tabindex=\"-1\"><img decoding=\"async\" data-src=\"https:\/\/everestlanguageschool.com\/wp-content\/uploads\/2024\/06\/Yoga-class-in-Everest-Jo.png\" title=\"Yoga class in Everest &#8211; Jo\" alt=\"Yoga class in Everest - Jo\" src=\"data:image\/gif;base64,R0lGODlhAQABAAAAACH5BAEKAAEALAAAAAABAAEAAAICTAEAOw==\" class=\"lazyload\" style=\"--smush-placeholder-width: 1920px; --smush-placeholder-aspect-ratio: 1920\/1080;\" \/><\/a><\/figure><div class=\"elementor-image-box-content\"><h3 class=\"elementor-image-box-title\"><a href=\"https:\/\/everestlanguageschool.com\/pt-br\/atencao-plena-e-bem-estar-na-sala-de-aula\/\">ATEN\u00c7\u00c3O PLENA E BEM-ESTAR NA SALA DE AULA<\/a><\/h3><p class=\"elementor-image-box-description\">Promova um ambiente saud\u00e1vel em sala de aula com 26 horas de treinamento em aten\u00e7\u00e3o plena e bem-estar. Este curso fornece a voc\u00ea t\u00e9cnicas para integrar a aten\u00e7\u00e3o plena e a ioga em seu ensino... <\/p><\/div><\/div>\t\t\t\t<\/div>\n\t\t\t\t<\/div>\n\t\t\t\t\t<\/div>\n\t\t<\/div>\n\t\t\t\t<div class=\"elementor-column elementor-col-33 elementor-top-column elementor-element elementor-element-1a946bb\" data-id=\"1a946bb\" data-element_type=\"column\" data-e-type=\"column\">\n\t\t\t<div class=\"elementor-widget-wrap elementor-element-populated\">\n\t\t\t\t\t\t<div class=\"elementor-element elementor-element-6bbde6d elementor-position-top elementor-widget elementor-widget-image-box\" data-id=\"6bbde6d\" data-element_type=\"widget\" data-e-type=\"widget\" data-widget_type=\"image-box.default\">\n\t\t\t\t<div class=\"elementor-widget-container\">\n\t\t\t\t\t<div class=\"elementor-image-box-wrapper\"><figure class=\"elementor-image-box-img\"><a href=\"https:\/\/everestlanguageschool.com\/pt-br\/aprendizagem-baseada-em-projetos-para-o-ensino-de-idiomas\/\" tabindex=\"-1\"><img decoding=\"async\" width=\"1920\" height=\"1080\" data-src=\"https:\/\/everestlanguageschool.com\/wp-content\/uploads\/2024\/06\/Teacher-in-classroom-Derick.webp\" class=\"attachment-full size-full wp-image-93914 lazyload\" alt=\"\" data-srcset=\"https:\/\/everestlanguageschool.com\/wp-content\/uploads\/2024\/06\/Teacher-in-classroom-Derick.webp 1920w, https:\/\/everestlanguageschool.com\/wp-content\/uploads\/2024\/06\/Teacher-in-classroom-Derick-300x169.webp 300w, https:\/\/everestlanguageschool.com\/wp-content\/uploads\/2024\/06\/Teacher-in-classroom-Derick-1024x576.webp 1024w, https:\/\/everestlanguageschool.com\/wp-content\/uploads\/2024\/06\/Teacher-in-classroom-Derick-768x432.webp 768w, https:\/\/everestlanguageschool.com\/wp-content\/uploads\/2024\/06\/Teacher-in-classroom-Derick-1536x864.webp 1536w\" data-sizes=\"(max-width: 1920px) 100vw, 1920px\" src=\"data:image\/gif;base64,R0lGODlhAQABAAAAACH5BAEKAAEALAAAAAABAAEAAAICTAEAOw==\" style=\"--smush-placeholder-width: 1920px; --smush-placeholder-aspect-ratio: 1920\/1080;\" \/><\/a><\/figure><div class=\"elementor-image-box-content\"><h3 class=\"elementor-image-box-title\"><a href=\"https:\/\/everestlanguageschool.com\/pt-br\/aprendizagem-baseada-em-projetos-para-o-ensino-de-idiomas\/\">APRENDIZAGEM BASEADA EM PROJETOS PARA O ENSINO DE IDIOMAS<\/a><\/h3><p class=\"elementor-image-box-description\">Abrace o poder da aprendizagem baseada em projetos (PBL) com 26 horas de treinamento imersivo. Este curso orienta voc\u00ea na cria\u00e7\u00e3o e facilita\u00e7\u00e3o de atividades de PBL que promovem...   <\/p><\/div><\/div>\t\t\t\t<\/div>\n\t\t\t\t<\/div>\n\t\t\t\t<div class=\"elementor-element elementor-element-121efc5 elementor-widget elementor-widget-spacer\" data-id=\"121efc5\" data-element_type=\"widget\" data-e-type=\"widget\" data-widget_type=\"spacer.default\">\n\t\t\t\t<div class=\"elementor-widget-container\">\n\t\t\t\t\t\t\t<div class=\"elementor-spacer\">\n\t\t\t<div class=\"elementor-spacer-inner\"><\/div>\n\t\t<\/div>\n\t\t\t\t\t\t<\/div>\n\t\t\t\t<\/div>\n\t\t\t\t\t<\/div>\n\t\t<\/div>\n\t\t\t\t\t<\/div>\n\t\t<\/section>\n\t\t\t\t<section class=\"elementor-section elementor-top-section elementor-element elementor-element-5c42c362 elementor-section-height-min-height elementor-section-items-top elementor-section-boxed elementor-section-height-default\" data-id=\"5c42c362\" data-element_type=\"section\" data-e-type=\"section\" data-settings=\"{&quot;background_background&quot;:&quot;gradient&quot;,&quot;shape_divider_bottom&quot;:&quot;waves&quot;,&quot;shape_divider_top&quot;:&quot;arrow&quot;}\">\n\t\t\t\t\t\t\t<div class=\"elementor-background-overlay\"><\/div>\n\t\t\t\t\t\t<div class=\"elementor-shape elementor-shape-top\" aria-hidden=\"true\" data-negative=\"false\">\n\t\t\t<svg xmlns=\"http:\/\/www.w3.org\/2000\/svg\" viewBox=\"0 0 700 10\" preserveAspectRatio=\"none\">\n\t<path class=\"elementor-shape-fill\" d=\"M350,10L340,0h20L350,10z\"\/>\n<\/svg>\t\t<\/div>\n\t\t\t\t<div class=\"elementor-shape elementor-shape-bottom\" aria-hidden=\"true\" data-negative=\"false\">\n\t\t\t<svg xmlns=\"http:\/\/www.w3.org\/2000\/svg\" viewBox=\"0 0 1000 100\" preserveAspectRatio=\"none\">\n\t<path class=\"elementor-shape-fill\" d=\"M421.9,6.5c22.6-2.5,51.5,0.4,75.5,5.3c23.6,4.9,70.9,23.5,100.5,35.7c75.8,32.2,133.7,44.5,192.6,49.7\n\tc23.6,2.1,48.7,3.5,103.4-2.5c54.7-6,106.2-25.6,106.2-25.6V0H0v30.3c0,0,72,32.6,158.4,30.5c39.2-0.7,92.8-6.7,134-22.4\n\tc21.2-8.1,52.2-18.2,79.7-24.2C399.3,7.9,411.6,7.5,421.9,6.5z\"\/>\n<\/svg>\t\t<\/div>\n\t\t\t\t\t<div class=\"elementor-container elementor-column-gap-default\">\n\t\t\t\t\t<div class=\"elementor-column elementor-col-50 elementor-top-column elementor-element elementor-element-6492eda7\" data-id=\"6492eda7\" data-element_type=\"column\" data-e-type=\"column\">\n\t\t\t<div class=\"elementor-widget-wrap elementor-element-populated\">\n\t\t\t\t\t\t<div class=\"elementor-element elementor-element-497f133 elementor-widget elementor-widget-heading\" data-id=\"497f133\" data-element_type=\"widget\" data-e-type=\"widget\" data-widget_type=\"heading.default\">\n\t\t\t\t<div class=\"elementor-widget-container\">\n\t\t\t\t\t<h2 class=\"elementor-heading-title elementor-size-default\">N\u00famero OID do Everest<\/h2>\t\t\t\t<\/div>\n\t\t\t\t<\/div>\n\t\t\t\t<div class=\"elementor-element elementor-element-5a20b79 elementor-widget elementor-widget-html\" data-id=\"5a20b79\" data-element_type=\"widget\" data-e-type=\"widget\" data-widget_type=\"html.default\">\n\t\t\t\t<div class=\"elementor-widget-container\">\n\t\t\t\t\t<script>document.addEventListener('DOMContentLoaded', function () {\n    document.getElementById('copy-button').addEventListener('click', function () {\n        const textToCopy = 'E10187369'; \/\/ Replace with the text you want to copy\n        navigator.clipboard.writeText(textToCopy).then(function () {\n            alert('Text copied to clipboard!');\n        }).catch(function (error) {\n            console.error('Failed to copy text: ', error);\n        });\n    });\n});\n<\/script>\t\t\t\t<\/div>\n\t\t\t\t<\/div>\n\t\t\t\t<div class=\"elementor-element elementor-element-7185142 elementor-widget elementor-widget-text-editor\" data-id=\"7185142\" data-element_type=\"widget\" data-e-type=\"widget\" data-widget_type=\"text-editor.default\">\n\t\t\t\t<div class=\"elementor-widget-container\">\n\t\t\t\t\t\t\t\t\t<p>Cada organiza\u00e7\u00e3o reconhecida pelo programa Erasmus+ recebe um ID organizacional da Comiss\u00e3o Europeia. Essa medida garante que o financiamento seja direcionado exclusivamente para cursos e treinamentos oferecidos por estabelecimentos educacionais de boa reputa\u00e7\u00e3o. O ID organizacional do Everest \u00e9 E10187369. Voc\u00ea pode citar esse c\u00f3digo ao se candidatar a uma bolsa do Erasmus+.   <\/p>\t\t\t\t\t\t\t\t<\/div>\n\t\t\t\t<\/div>\n\t\t\t\t<div class=\"elementor-element elementor-element-df24768 elementor-align-center elementor-widget elementor-widget-button\" data-id=\"df24768\" data-element_type=\"widget\" data-e-type=\"widget\" data-widget_type=\"button.default\">\n\t\t\t\t<div class=\"elementor-widget-container\">\n\t\t\t\t\t\t\t\t\t<div class=\"elementor-button-wrapper\">\n\t\t\t\t\t<a class=\"elementor-button elementor-size-sm\" role=\"button\" id=\"copy-button\">\n\t\t\t\t\t\t<span class=\"elementor-button-content-wrapper\">\n\t\t\t\t\t\t<span class=\"elementor-button-icon\">\n\t\t\t\t<svg aria-hidden=\"true\" class=\"e-font-icon-svg e-far-copy\" viewBox=\"0 0 448 512\" xmlns=\"http:\/\/www.w3.org\/2000\/svg\"><path d=\"M433.941 65.941l-51.882-51.882A48 48 0 0 0 348.118 0H176c-26.51 0-48 21.49-48 48v48H48c-26.51 0-48 21.49-48 48v320c0 26.51 21.49 48 48 48h224c26.51 0 48-21.49 48-48v-48h80c26.51 0 48-21.49 48-48V99.882a48 48 0 0 0-14.059-33.941zM266 464H54a6 6 0 0 1-6-6V150a6 6 0 0 1 6-6h74v224c0 26.51 21.49 48 48 48h96v42a6 6 0 0 1-6 6zm128-96H182a6 6 0 0 1-6-6V54a6 6 0 0 1 6-6h106v88c0 13.255 10.745 24 24 24h88v202a6 6 0 0 1-6 6zm6-256h-64V48h9.632c1.591 0 3.117.632 4.243 1.757l48.368 48.368a6 6 0 0 1 1.757 4.243V112z\"><\/path><\/svg>\t\t\t<\/span>\n\t\t\t\t\t\t\t\t\t<span class=\"elementor-button-text\">Nosso n\u00famero OID: E10187369<\/span>\n\t\t\t\t\t<\/span>\n\t\t\t\t\t<\/a>\n\t\t\t\t<\/div>\n\t\t\t\t\t\t\t\t<\/div>\n\t\t\t\t<\/div>\n\t\t\t\t\t<\/div>\n\t\t<\/div>\n\t\t\t\t<div class=\"elementor-column elementor-col-50 elementor-top-column elementor-element elementor-element-5a67e059\" data-id=\"5a67e059\" data-element_type=\"column\" data-e-type=\"column\">\n\t\t\t<div class=\"elementor-widget-wrap elementor-element-populated\">\n\t\t\t\t\t\t<div class=\"elementor-element elementor-element-2763b0ff elementor-widget elementor-widget-spacer\" data-id=\"2763b0ff\" data-element_type=\"widget\" data-e-type=\"widget\" data-widget_type=\"spacer.default\">\n\t\t\t\t<div class=\"elementor-widget-container\">\n\t\t\t\t\t\t\t<div class=\"elementor-spacer\">\n\t\t\t<div class=\"elementor-spacer-inner\"><\/div>\n\t\t<\/div>\n\t\t\t\t\t\t<\/div>\n\t\t\t\t<\/div>\n\t\t\t\t<div class=\"elementor-element elementor-element-752f05c7 elementor-widget elementor-widget-image\" data-id=\"752f05c7\" data-element_type=\"widget\" data-e-type=\"widget\" data-settings=\"{&quot;motion_fx_motion_fx_scrolling&quot;:&quot;yes&quot;,&quot;motion_fx_translateY_effect&quot;:&quot;yes&quot;,&quot;motion_fx_translateY_speed&quot;:{&quot;unit&quot;:&quot;px&quot;,&quot;size&quot;:&quot;1&quot;,&quot;sizes&quot;:[]},&quot;_animation&quot;:&quot;none&quot;,&quot;motion_fx_devices&quot;:[&quot;desktop&quot;],&quot;motion_fx_translateY_affectedRange&quot;:{&quot;unit&quot;:&quot;%&quot;,&quot;size&quot;:&quot;&quot;,&quot;sizes&quot;:{&quot;start&quot;:0,&quot;end&quot;:100}}}\" data-widget_type=\"image.default\">\n\t\t\t\t<div class=\"elementor-widget-container\">\n\t\t\t\t\t\t\t\t\t\t\t\t\t\t\t<img decoding=\"async\" width=\"2560\" height=\"1709\" data-src=\"https:\/\/everestlanguageschool.com\/wp-content\/uploads\/2023\/02\/Everest-summer-2022-22-scaled.jpg\" class=\"attachment-full size-full wp-image-86492 lazyload\" alt=\"General English Course in Everest\" data-srcset=\"https:\/\/everestlanguageschool.com\/wp-content\/uploads\/2023\/02\/Everest-summer-2022-22-scaled.jpg 2560w, https:\/\/everestlanguageschool.com\/wp-content\/uploads\/2023\/02\/Everest-summer-2022-22-300x200.jpg 300w, https:\/\/everestlanguageschool.com\/wp-content\/uploads\/2023\/02\/Everest-summer-2022-22-1024x684.jpg 1024w, https:\/\/everestlanguageschool.com\/wp-content\/uploads\/2023\/02\/Everest-summer-2022-22-768x513.jpg 768w, https:\/\/everestlanguageschool.com\/wp-content\/uploads\/2023\/02\/Everest-summer-2022-22-1536x1025.jpg 1536w, https:\/\/everestlanguageschool.com\/wp-content\/uploads\/2023\/02\/Everest-summer-2022-22-2048x1367.jpg 2048w\" data-sizes=\"(max-width: 2560px) 100vw, 2560px\" src=\"data:image\/gif;base64,R0lGODlhAQABAAAAACH5BAEKAAEALAAAAAABAAEAAAICTAEAOw==\" style=\"--smush-placeholder-width: 2560px; --smush-placeholder-aspect-ratio: 2560\/1709;\" \/>\t\t\t\t\t\t\t\t\t\t\t\t\t\t\t<\/div>\n\t\t\t\t<\/div>\n\t\t\t\t\t<\/div>\n\t\t<\/div>\n\t\t\t\t\t<\/div>\n\t\t<\/section>\n\t\t\t\t<section class=\"elementor-section elementor-top-section elementor-element elementor-element-3b2287df elementor-section-height-min-height elementor-hidden-tablet elementor-hidden-phone elementor-section-boxed elementor-section-height-default elementor-section-items-middle\" data-id=\"3b2287df\" data-element_type=\"section\" data-e-type=\"section\">\n\t\t\t\t\t\t<div class=\"elementor-container elementor-column-gap-default\">\n\t\t\t\t\t<div class=\"elementor-column elementor-col-100 elementor-top-column elementor-element elementor-element-79774698\" data-id=\"79774698\" data-element_type=\"column\" data-e-type=\"column\">\n\t\t\t<div class=\"elementor-widget-wrap elementor-element-populated\">\n\t\t\t\t\t\t<div class=\"elementor-element elementor-element-550c6811 elementor-widget elementor-widget-image\" data-id=\"550c6811\" data-element_type=\"widget\" data-e-type=\"widget\" data-widget_type=\"image.default\">\n\t\t\t\t<div class=\"elementor-widget-container\">\n\t\t\t\t\t\t\t\t\t\t\t\t\t\t\t<img decoding=\"async\" width=\"1024\" height=\"128\" data-src=\"https:\/\/everestlanguageschool.com\/wp-content\/uploads\/2021\/07\/Some-of-our-recent-clients-1024x128.png\" class=\"attachment-large size-large wp-image-82247 lazyload\" alt=\"Some of our recent clients\" data-srcset=\"https:\/\/everestlanguageschool.com\/wp-content\/uploads\/2021\/07\/Some-of-our-recent-clients-1024x128.png 1024w, https:\/\/everestlanguageschool.com\/wp-content\/uploads\/2021\/07\/Some-of-our-recent-clients-300x38.png 300w, https:\/\/everestlanguageschool.com\/wp-content\/uploads\/2021\/07\/Some-of-our-recent-clients-768x96.png 768w, https:\/\/everestlanguageschool.com\/wp-content\/uploads\/2021\/07\/Some-of-our-recent-clients.png 1200w\" data-sizes=\"(max-width: 1024px) 100vw, 1024px\" src=\"data:image\/gif;base64,R0lGODlhAQABAAAAACH5BAEKAAEALAAAAAABAAEAAAICTAEAOw==\" style=\"--smush-placeholder-width: 1024px; --smush-placeholder-aspect-ratio: 1024\/128;\" \/>\t\t\t\t\t\t\t\t\t\t\t\t\t\t\t<\/div>\n\t\t\t\t<\/div>\n\t\t\t\t\t<\/div>\n\t\t<\/div>\n\t\t\t\t\t<\/div>\n\t\t<\/section>\n\t\t\t\t<section class=\"elementor-section elementor-top-section elementor-element elementor-element-5fd885f elementor-section-boxed elementor-section-height-default elementor-section-height-default\" data-id=\"5fd885f\" data-element_type=\"section\" data-e-type=\"section\">\n\t\t\t\t\t\t<div class=\"elementor-container elementor-column-gap-default\">\n\t\t\t\t\t<div class=\"elementor-column elementor-col-100 elementor-top-column elementor-element elementor-element-53207e5\" data-id=\"53207e5\" data-element_type=\"column\" data-e-type=\"column\">\n\t\t\t<div class=\"elementor-widget-wrap\">\n\t\t\t\t\t\t\t<\/div>\n\t\t<\/div>\n\t\t\t\t\t<\/div>\n\t\t<\/section>\n\t\t\t\t<\/div>\n\t\t","protected":false},"excerpt":{"rendered":"<p>Curso de ingl\u00eas Erasmus+ em Dublin Os cursos Erasmus+ do Everest em Dublin destinam-se a alunos que desejam melhorar de forma abrangente seu n\u00edvel geral de ingl\u00eas. Eles abrangem todas as facetas do idioma, incluindo leitura, escrita, audi\u00e7\u00e3o e fala, com \u00eanfase especial nas habilidades de comunica\u00e7\u00e3o oral. Durante as aulas, voc\u00ea ser\u00e1 colocado em &hellip;<\/p>\n<p class=\"read-more\"> <a class=\"\" href=\"https:\/\/everestlanguageschool.com\/pt-br\/curso-de-ingles-erasmus-em-dublin\/\"> <span class=\"screen-reader-text\">Curso de ingl\u00eas Erasmus+ em Dublin<\/span> Leia mais &raquo;<\/a><\/p>\n","protected":false},"author":1,"featured_media":92318,"parent":0,"menu_order":0,"comment_status":"closed","ping_status":"closed","template":"","meta":{"inline_featured_image":false,"site-sidebar-layout":"no-sidebar","site-content-layout":"page-builder","ast-global-header-display":"","ast-main-header-display":"","ast-hfb-above-header-display":"","ast-hfb-below-header-display":"","ast-hfb-mobile-header-display":"","site-post-title":"disabled","ast-breadcrumbs-content":"","ast-featured-img":"disabled","footer-sml-layout":"","theme-transparent-header-meta":"","adv-header-id-meta":"","stick-header-meta":"","header-above-stick-meta":"","header-main-stick-meta":"","header-below-stick-meta":"","footnotes":""},"categories":[1559],"tags":[],"class_list":["post-92315","page","type-page","status-publish","has-post-thumbnail","hentry","category-curso-erasmus-pt-br"],"_links":{"self":[{"href":"https:\/\/everestlanguageschool.com\/pt-br\/wp-json\/wp\/v2\/pages\/92315","targetHints":{"allow":["GET"]}}],"collection":[{"href":"https:\/\/everestlanguageschool.com\/pt-br\/wp-json\/wp\/v2\/pages"}],"about":[{"href":"https:\/\/everestlanguageschool.com\/pt-br\/wp-json\/wp\/v2\/types\/page"}],"author":[{"embeddable":true,"href":"https:\/\/everestlanguageschool.com\/pt-br\/wp-json\/wp\/v2\/users\/1"}],"replies":[{"embeddable":true,"href":"https:\/\/everestlanguageschool.com\/pt-br\/wp-json\/wp\/v2\/comments?post=92315"}],"version-history":[{"count":8,"href":"https:\/\/everestlanguageschool.com\/pt-br\/wp-json\/wp\/v2\/pages\/92315\/revisions"}],"predecessor-version":[{"id":93960,"href":"https:\/\/everestlanguageschool.com\/pt-br\/wp-json\/wp\/v2\/pages\/92315\/revisions\/93960"}],"wp:featuredmedia":[{"embeddable":true,"href":"https:\/\/everestlanguageschool.com\/pt-br\/wp-json\/wp\/v2\/media\/92318"}],"wp:attachment":[{"href":"https:\/\/everestlanguageschool.com\/pt-br\/wp-json\/wp\/v2\/media?parent=92315"}],"wp:term":[{"taxonomy":"category","embeddable":true,"href":"https:\/\/everestlanguageschool.com\/pt-br\/wp-json\/wp\/v2\/categories?post=92315"},{"taxonomy":"post_tag","embeddable":true,"href":"https:\/\/everestlanguageschool.com\/pt-br\/wp-json\/wp\/v2\/tags?post=92315"}],"curies":[{"name":"wp","href":"https:\/\/api.w.org\/{rel}","templated":true}]}}